{"id":37117,"date":"2025-06-02T17:50:38","date_gmt":"2025-06-02T16:50:38","guid":{"rendered":"https:\/\/www.haegergroup.com\/?post_type=product&#038;p=37117"},"modified":"2025-06-02T18:11:20","modified_gmt":"2025-06-02T17:11:20","slug":"secador-de-cabelo-haeger-turbo-dryer-2000w","status":"publish","type":"product","link":"https:\/\/www.haegergroup.com\/pt-pt\/produto\/secador-de-cabelo-haeger-turbo-dryer-2000w\/","title":{"rendered":"Secador de Cabelo HAEGER Turbo Dryer &#8211; 2000W"},"content":{"rendered":"<p>O HAEGER Turbo Dryer 2000 \u00e9 a escolha ideal para quem procura uma secagem r\u00e1pida, eficaz e com controlo total de temperatura. Equipado com um motor DC de 2000 watts, assegura um desempenho elevado, perfeito para utiliza\u00e7\u00e3o di\u00e1ria com resultados dignos de sal\u00e3o.<\/p>\n<p>Com duas velocidades e tr\u00eas n\u00edveis de temperatura, adapta-se a diferentes tipos de cabelo e estilos, desde fios finos a penteados volumosos. Concebido para m\u00e1xima durabilidade, integra o sistema anti-aquecimento \u201cNon-Stop\u201d, que protege o equipamento contra sobrecargas t\u00e9rmicas, garantindo maior longevidade e permitindo sess\u00f5es prolongadas de utiliza\u00e7\u00e3o sem interrup\u00e7\u00f5es.<\/p>\n<p>A tampa do filtro remov\u00edvel facilita a limpeza e contribui para manter o desempenho sempre elevado. Para maior versatilidade, o secador inclui dois acess\u00f3rios indispens\u00e1veis: um concentrador de ar, ideal para alisamentos e acabamentos com escova, e um difusor, perfeito para real\u00e7ar carac\u00f3is e proporcionar volume de forma uniforme e natural.<\/p>\n<p>Com um design moderno e funcional, o HAEGER Turbo Dryer 2000 alia pot\u00eancia, resist\u00eancia e estilo para oferecer resultados profissionais, todos os dias.<\/p>\n","protected":false},"excerpt":{"rendered":"<h2>Secador de Cabelo<br \/>\nModelo: HD-200.015A<\/h2>\n<p><strong>Caracter\u00edsticas<\/strong><\/p>\n<ul>\n<li>Motor DC com 2000 Watts<\/li>\n<li>2 Velocidades e 3 n\u00edveis de temperatura<\/li>\n<li>Sistema anti-aquecimento &#8220;Non-Stop&#8221;<\/li>\n<li>Tampa do filtro remov\u00edvel<\/li>\n<li>Acess\u00f3rios:<br \/>\n&#8211; Concentrador<br \/>\n&#8211; Difusor<\/li>\n<\/ul>\n[fusion_button link=\"https:\/\/www.haegergroup.com\/pt-pt\/encontre-sua-loja\/\" text_transform=\"\" title=\"\" target=\"\" link_attributes=\"\" alignment=\"\" modal=\"\" hide_on_mobile=\"small-visibility,medium-visibility,large-visibility\" class=\"\" id=\"\" color=\"custom\" button_gradient_top_color=\"#bf0411\" button_gradient_bottom_color=\"#bf0411\" button_gradient_top_color_hover=\"#000000\" button_gradient_bottom_color_hover=\"#000000\" accent_color=\"#ffffff\" accent_hover_color=\"#ffffff\" type=\"flat\" bevel_color=\"\" border_width=\"2\" size=\"medium\" stretch=\"default\" shape=\"pill\" icon=\"fa-angle-double-right fas\" icon_position=\"right\" icon_divider=\"no\" animation_type=\"\" animation_direction=\"left\" animation_speed=\"0.3\" animation_offset=\"\"]Onde Comprar[\/fusion_button]\n","protected":false},"featured_media":37118,"template":"","meta":[],"product_cat":[228,229],"product_tag":[],"class_list":{"0":"post-37117","1":"product","2":"type-product","3":"status-publish","4":"has-post-thumbnail","6":"product_cat-cuidados-pessoais","7":"product_cat-secadores-de-cabelo","9":"first","10":"instock","11":"shipping-taxable","12":"product-type-simple"},"yoast_head":"<!-- This site is optimized with the Yoast SEO plugin v24.1 - https:\/\/yoast.com\/wordpress\/plugins\/seo\/ -->\n<title>Secador de Cabelo HAEGER Turbo Dryer - 2000W - HAEGER Home Appliances<\/title>\n<meta name=\"description\" content=\"Marca de Pequenos Eletrodom\u00e9sticos para a sua cozinha, cuidados pessoais, casa e climatiza\u00e7\u00e3o. A op\u00e7\u00e3o inteligente para a sua casa.\" \/>\n<meta name=\"robots\" content=\"index, follow, max-snippet:-1, max-image-preview:large, max-video-preview:-1\" \/>\n<link rel=\"canonical\" href=\"https:\/\/www.haegergroup.com\/pt-pt\/produto\/secador-de-cabelo-haeger-turbo-dryer-2000w\/\" \/>\n<meta property=\"og:locale\" content=\"pt_PT\" \/>\n<meta property=\"og:type\" content=\"article\" \/>\n<meta property=\"og:title\" content=\"Secador de Cabelo HAEGER Turbo Dryer - 2000W - HAEGER Home Appliances\" \/>\n<meta property=\"og:description\" content=\"Marca de Pequenos Eletrodom\u00e9sticos para a sua cozinha, cuidados pessoais, casa e climatiza\u00e7\u00e3o. A op\u00e7\u00e3o inteligente para a sua casa.\" \/>\n<meta property=\"og:url\" content=\"https:\/\/www.haegergroup.com\/pt-pt\/produto\/secador-de-cabelo-haeger-turbo-dryer-2000w\/\" \/>\n<meta property=\"og:site_name\" content=\"HAEGER Home Appliances\" \/>\n<meta property=\"article:modified_time\" content=\"2025-06-02T17:11:20+00:00\" \/>\n<meta property=\"og:image\" content=\"https:\/\/www.haegergroup.com\/wp-content\/uploads\/HD-200.015A_1-1-scaled.jpg\" \/>\n\t<meta property=\"og:image:width\" content=\"2560\" \/>\n\t<meta property=\"og:image:height\" content=\"2479\" \/>\n\t<meta property=\"og:image:type\" content=\"image\/jpeg\" \/>\n<meta name=\"twitter:card\" content=\"summary_large_image\" \/>\n<meta name=\"twitter:label1\" content=\"Tempo estimado de leitura\" \/>\n\t<meta name=\"twitter:data1\" content=\"2 minutos\" \/>\n<script type=\"application\/ld+json\" class=\"yoast-schema-graph\">{\"@context\":\"https:\/\/schema.org\",\"@graph\":[{\"@type\":\"WebPage\",\"@id\":\"https:\/\/www.haegergroup.com\/pt-pt\/produto\/secador-de-cabelo-haeger-turbo-dryer-2000w\/\",\"url\":\"https:\/\/www.haegergroup.com\/pt-pt\/produto\/secador-de-cabelo-haeger-turbo-dryer-2000w\/\",\"name\":\"Secador de Cabelo HAEGER Turbo Dryer - 2000W - HAEGER Home Appliances\",\"isPartOf\":{\"@id\":\"https:\/\/www.haegergroup.com\/es\/#website\"},\"primaryImageOfPage\":{\"@id\":\"https:\/\/www.haegergroup.com\/pt-pt\/produto\/secador-de-cabelo-haeger-turbo-dryer-2000w\/#primaryimage\"},\"image\":{\"@id\":\"https:\/\/www.haegergroup.com\/pt-pt\/produto\/secador-de-cabelo-haeger-turbo-dryer-2000w\/#primaryimage\"},\"thumbnailUrl\":\"https:\/\/www.haegergroup.com\/wp-content\/uploads\/HD-200.015A_1-1-scaled.jpg\",\"datePublished\":\"2025-06-02T16:50:38+00:00\",\"dateModified\":\"2025-06-02T17:11:20+00:00\",\"description\":\"Marca de Pequenos Eletrodom\u00e9sticos para a sua cozinha, cuidados pessoais, casa e climatiza\u00e7\u00e3o. A op\u00e7\u00e3o inteligente para a sua casa.\",\"breadcrumb\":{\"@id\":\"https:\/\/www.haegergroup.com\/pt-pt\/produto\/secador-de-cabelo-haeger-turbo-dryer-2000w\/#breadcrumb\"},\"inLanguage\":\"pt-PT\",\"potentialAction\":[{\"@type\":\"ReadAction\",\"target\":[\"https:\/\/www.haegergroup.com\/pt-pt\/produto\/secador-de-cabelo-haeger-turbo-dryer-2000w\/\"]}]},{\"@type\":\"ImageObject\",\"inLanguage\":\"pt-PT\",\"@id\":\"https:\/\/www.haegergroup.com\/pt-pt\/produto\/secador-de-cabelo-haeger-turbo-dryer-2000w\/#primaryimage\",\"url\":\"https:\/\/www.haegergroup.com\/wp-content\/uploads\/HD-200.015A_1-1-scaled.jpg\",\"contentUrl\":\"https:\/\/www.haegergroup.com\/wp-content\/uploads\/HD-200.015A_1-1-scaled.jpg\",\"width\":2560,\"height\":2479,\"caption\":\"Secador de Cabelo HAEGER Turbo Dryer - 2000W\"},{\"@type\":\"BreadcrumbList\",\"@id\":\"https:\/\/www.haegergroup.com\/pt-pt\/produto\/secador-de-cabelo-haeger-turbo-dryer-2000w\/#breadcrumb\",\"itemListElement\":[{\"@type\":\"ListItem\",\"position\":1,\"name\":\"Portada\",\"item\":\"https:\/\/www.haegergroup.com\/pt-pt\/\"},{\"@type\":\"ListItem\",\"position\":2,\"name\":\"Productos\",\"item\":\"https:\/\/www.haegergroup.com\/es\/tienda\/\"},{\"@type\":\"ListItem\",\"position\":3,\"name\":\"Secador de Cabelo HAEGER Turbo Dryer &#8211; 2000W\"}]},{\"@type\":\"WebSite\",\"@id\":\"https:\/\/www.haegergroup.com\/es\/#website\",\"url\":\"https:\/\/www.haegergroup.com\/es\/\",\"name\":\"HAEGER Home Appliances\",\"description\":\"eletrodom\u00e9sticos\",\"publisher\":{\"@id\":\"https:\/\/www.haegergroup.com\/es\/#organization\"},\"potentialAction\":[{\"@type\":\"SearchAction\",\"target\":{\"@type\":\"EntryPoint\",\"urlTemplate\":\"https:\/\/www.haegergroup.com\/es\/?s={search_term_string}\"},\"query-input\":{\"@type\":\"PropertyValueSpecification\",\"valueRequired\":true,\"valueName\":\"search_term_string\"}}],\"inLanguage\":\"pt-PT\"},{\"@type\":\"Organization\",\"@id\":\"https:\/\/www.haegergroup.com\/es\/#organization\",\"name\":\"Haeger Electrodom\u00e9sticos\",\"url\":\"https:\/\/www.haegergroup.com\/es\/\",\"logo\":{\"@type\":\"ImageObject\",\"inLanguage\":\"pt-PT\",\"@id\":\"https:\/\/www.haegergroup.com\/es\/#\/schema\/logo\/image\/\",\"url\":\"https:\/\/www.haegergroup.com\/wp-content\/uploads\/2018\/05\/logo-web-220.png\",\"contentUrl\":\"https:\/\/www.haegergroup.com\/wp-content\/uploads\/2018\/05\/logo-web-220.png\",\"width\":220,\"height\":49,\"caption\":\"Haeger Electrodom\u00e9sticos\"},\"image\":{\"@id\":\"https:\/\/www.haegergroup.com\/es\/#\/schema\/logo\/image\/\"}}]}<\/script>\n<!-- \/ Yoast SEO plugin. -->","yoast_head_json":{"title":"Secador de Cabelo HAEGER Turbo Dryer - 2000W - HAEGER Home Appliances","description":"Marca de Pequenos Eletrodom\u00e9sticos para a sua cozinha, cuidados pessoais, casa e climatiza\u00e7\u00e3o. A op\u00e7\u00e3o inteligente para a sua casa.","robots":{"index":"index","follow":"follow","max-snippet":"max-snippet:-1","max-image-preview":"max-image-preview:large","max-video-preview":"max-video-preview:-1"},"canonical":"https:\/\/www.haegergroup.com\/pt-pt\/produto\/secador-de-cabelo-haeger-turbo-dryer-2000w\/","og_locale":"pt_PT","og_type":"article","og_title":"Secador de Cabelo HAEGER Turbo Dryer - 2000W - HAEGER Home Appliances","og_description":"Marca de Pequenos Eletrodom\u00e9sticos para a sua cozinha, cuidados pessoais, casa e climatiza\u00e7\u00e3o. A op\u00e7\u00e3o inteligente para a sua casa.","og_url":"https:\/\/www.haegergroup.com\/pt-pt\/produto\/secador-de-cabelo-haeger-turbo-dryer-2000w\/","og_site_name":"HAEGER Home Appliances","article_modified_time":"2025-06-02T17:11:20+00:00","og_image":[{"width":2560,"height":2479,"url":"https:\/\/www.haegergroup.com\/wp-content\/uploads\/HD-200.015A_1-1-scaled.jpg","type":"image\/jpeg"}],"twitter_card":"summary_large_image","twitter_misc":{"Tempo estimado de leitura":"2 minutos"},"schema":{"@context":"https:\/\/schema.org","@graph":[{"@type":"WebPage","@id":"https:\/\/www.haegergroup.com\/pt-pt\/produto\/secador-de-cabelo-haeger-turbo-dryer-2000w\/","url":"https:\/\/www.haegergroup.com\/pt-pt\/produto\/secador-de-cabelo-haeger-turbo-dryer-2000w\/","name":"Secador de Cabelo HAEGER Turbo Dryer - 2000W - HAEGER Home Appliances","isPartOf":{"@id":"https:\/\/www.haegergroup.com\/es\/#website"},"primaryImageOfPage":{"@id":"https:\/\/www.haegergroup.com\/pt-pt\/produto\/secador-de-cabelo-haeger-turbo-dryer-2000w\/#primaryimage"},"image":{"@id":"https:\/\/www.haegergroup.com\/pt-pt\/produto\/secador-de-cabelo-haeger-turbo-dryer-2000w\/#primaryimage"},"thumbnailUrl":"https:\/\/www.haegergroup.com\/wp-content\/uploads\/HD-200.015A_1-1-scaled.jpg","datePublished":"2025-06-02T16:50:38+00:00","dateModified":"2025-06-02T17:11:20+00:00","description":"Marca de Pequenos Eletrodom\u00e9sticos para a sua cozinha, cuidados pessoais, casa e climatiza\u00e7\u00e3o. A op\u00e7\u00e3o inteligente para a sua casa.","breadcrumb":{"@id":"https:\/\/www.haegergroup.com\/pt-pt\/produto\/secador-de-cabelo-haeger-turbo-dryer-2000w\/#breadcrumb"},"inLanguage":"pt-PT","potentialAction":[{"@type":"ReadAction","target":["https:\/\/www.haegergroup.com\/pt-pt\/produto\/secador-de-cabelo-haeger-turbo-dryer-2000w\/"]}]},{"@type":"ImageObject","inLanguage":"pt-PT","@id":"https:\/\/www.haegergroup.com\/pt-pt\/produto\/secador-de-cabelo-haeger-turbo-dryer-2000w\/#primaryimage","url":"https:\/\/www.haegergroup.com\/wp-content\/uploads\/HD-200.015A_1-1-scaled.jpg","contentUrl":"https:\/\/www.haegergroup.com\/wp-content\/uploads\/HD-200.015A_1-1-scaled.jpg","width":2560,"height":2479,"caption":"Secador de Cabelo HAEGER Turbo Dryer - 2000W"},{"@type":"BreadcrumbList","@id":"https:\/\/www.haegergroup.com\/pt-pt\/produto\/secador-de-cabelo-haeger-turbo-dryer-2000w\/#breadcrumb","itemListElement":[{"@type":"ListItem","position":1,"name":"Portada","item":"https:\/\/www.haegergroup.com\/pt-pt\/"},{"@type":"ListItem","position":2,"name":"Productos","item":"https:\/\/www.haegergroup.com\/es\/tienda\/"},{"@type":"ListItem","position":3,"name":"Secador de Cabelo HAEGER Turbo Dryer &#8211; 2000W"}]},{"@type":"WebSite","@id":"https:\/\/www.haegergroup.com\/es\/#website","url":"https:\/\/www.haegergroup.com\/es\/","name":"HAEGER Home Appliances","description":"eletrodom\u00e9sticos","publisher":{"@id":"https:\/\/www.haegergroup.com\/es\/#organization"},"potentialAction":[{"@type":"SearchAction","target":{"@type":"EntryPoint","urlTemplate":"https:\/\/www.haegergroup.com\/es\/?s={search_term_string}"},"query-input":{"@type":"PropertyValueSpecification","valueRequired":true,"valueName":"search_term_string"}}],"inLanguage":"pt-PT"},{"@type":"Organization","@id":"https:\/\/www.haegergroup.com\/es\/#organization","name":"Haeger Electrodom\u00e9sticos","url":"https:\/\/www.haegergroup.com\/es\/","logo":{"@type":"ImageObject","inLanguage":"pt-PT","@id":"https:\/\/www.haegergroup.com\/es\/#\/schema\/logo\/image\/","url":"https:\/\/www.haegergroup.com\/wp-content\/uploads\/2018\/05\/logo-web-220.png","contentUrl":"https:\/\/www.haegergroup.com\/wp-content\/uploads\/2018\/05\/logo-web-220.png","width":220,"height":49,"caption":"Haeger Electrodom\u00e9sticos"},"image":{"@id":"https:\/\/www.haegergroup.com\/es\/#\/schema\/logo\/image\/"}}]}},"_links":{"self":[{"href":"https:\/\/www.haegergroup.com\/pt-pt\/wp-json\/wp\/v2\/product\/37117","targetHints":{"allow":["GET"]}}],"collection":[{"href":"https:\/\/www.haegergroup.com\/pt-pt\/wp-json\/wp\/v2\/product"}],"about":[{"href":"https:\/\/www.haegergroup.com\/pt-pt\/wp-json\/wp\/v2\/types\/product"}],"wp:featuredmedia":[{"embeddable":true,"href":"https:\/\/www.haegergroup.com\/pt-pt\/wp-json\/wp\/v2\/media\/37118"}],"wp:attachment":[{"href":"https:\/\/www.haegergroup.com\/pt-pt\/wp-json\/wp\/v2\/media?parent=37117"}],"wp:term":[{"taxonomy":"product_cat","embeddable":true,"href":"https:\/\/www.haegergroup.com\/pt-pt\/wp-json\/wp\/v2\/product_cat?post=37117"},{"taxonomy":"product_tag","embeddable":true,"href":"https:\/\/www.haegergroup.com\/pt-pt\/wp-json\/wp\/v2\/product_tag?post=37117"}],"curies":[{"name":"wp","href":"https:\/\/api.w.org\/{rel}","templated":true}]}}