{"id":25185,"date":"2018-12-28T13:40:27","date_gmt":"2019-07-12T15:10:10","guid":{"rendered":"https:\/\/www.haegergroup.com\/product\/precision-ii-aparador-de-cabelo-recarregavel-seco-e-molhado\/"},"modified":"2021-12-29T11:51:58","modified_gmt":"2021-12-29T11:51:58","slug":"precision-ii","status":"publish","type":"product","link":"https:\/\/www.haegergroup.com\/pt-pt\/produto\/precision-ii\/","title":{"rendered":"Aparador de cabelo H\u00c6GER PRECISION II &#8211; Sem fios, seco e molhado"},"content":{"rendered":"","protected":false},"excerpt":{"rendered":"<h2>Modelo: HC-03W.009A<\/h2>\n<ul>\n<li>Funcionamento com e sem fios<\/li>\n<li>Com motor DC,ergon\u00f3mico e pr\u00e1tico<\/li>\n<li>Nivel de l\u00e2mina ajust\u00e1vel (4-16mm &#8211; 18-30mm)<\/li>\n<li>L\u00e2minas em cer\u00e2mica com revestimnto em Tit\u00e2nio<\/li>\n<li>Acess\u00f3rios:<br \/>\nBase de carga<br \/>\n2 pentes guias<br \/>\nOleo lubrificante e escova de limpeza&#8221;<\/li>\n<\/ul>\n[fusion_button link=\"https:\/\/www.haegergroup.com\/pt-pt\/encontre-sua-loja\/\" text_transform=\"\" title=\"\" target=\"\" link_attributes=\"\" alignment=\"\" modal=\"\" hide_on_mobile=\"small-visibility,medium-visibility,large-visibility\" class=\"\" id=\"\" color=\"custom\" button_gradient_top_color=\"rgba(191,4,17,0)\" button_gradient_bottom_color=\"rgba(191,4,17,0)\" button_gradient_top_color_hover=\"#bf0411\" button_gradient_bottom_color_hover=\"#bf0411\" accent_color=\"#bf0411\" accent_hover_color=\"\" type=\"flat\" bevel_color=\"\" border_width=\"2\" size=\"medium\" stretch=\"default\" shape=\"pill\" icon=\"fa-angle-double-right fas\" icon_position=\"right\" icon_divider=\"no\" animation_type=\"\" animation_direction=\"left\" animation_speed=\"0.3\" animation_offset=\"\"]Onde Comprar[\/fusion_button]\n","protected":false},"featured_media":21641,"template":"","meta":[],"product_cat":[228,621,205],"product_tag":[320,313,314],"class_list":{"0":"post-25185","1":"product","2":"type-product","3":"status-publish","4":"has-post-thumbnail","6":"product_cat-cuidados-pessoais","7":"product_cat-maquinas-cortar-cabelo","8":"product_cat-pequenos-aparelhos","9":"product_tag-cuidado-personal-pt-pt","10":"product_tag-maquina-cortapelos-pt-pt","11":"product_tag-pequenos-electrodomesticos-pt-pt","13":"first","14":"instock","15":"shipping-taxable","16":"product-type-simple"},"yoast_head":"<!-- This site is optimized with the Yoast SEO plugin v24.1 - https:\/\/yoast.com\/wordpress\/plugins\/seo\/ -->\n<title>Aparador de cabelo H\u00c6GER PRECISION II - Sem fios, seco e molhado - HAEGER Home Appliances<\/title>\n<meta name=\"description\" content=\"Marca de Pequenos Eletrodom\u00e9sticos para a sua cozinha, cuidados pessoais, casa e climatiza\u00e7\u00e3o. A op\u00e7\u00e3o inteligente para a sua casa.\" \/>\n<meta name=\"robots\" content=\"index, follow, max-snippet:-1, max-image-preview:large, max-video-preview:-1\" \/>\n<link rel=\"canonical\" href=\"https:\/\/www.haegergroup.com\/pt-pt\/produto\/precision-ii\/\" \/>\n<meta property=\"og:locale\" content=\"pt_PT\" \/>\n<meta property=\"og:type\" content=\"article\" \/>\n<meta property=\"og:title\" content=\"Aparador de cabelo H\u00c6GER PRECISION II - Sem fios, seco e molhado - HAEGER Home Appliances\" \/>\n<meta property=\"og:description\" content=\"Marca de Pequenos Eletrodom\u00e9sticos para a sua cozinha, cuidados pessoais, casa e climatiza\u00e7\u00e3o. A op\u00e7\u00e3o inteligente para a sua casa.\" \/>\n<meta property=\"og:url\" content=\"https:\/\/www.haegergroup.com\/pt-pt\/produto\/precision-ii\/\" \/>\n<meta property=\"og:site_name\" content=\"HAEGER Home Appliances\" \/>\n<meta property=\"article:modified_time\" content=\"2021-12-29T11:51:58+00:00\" \/>\n<meta property=\"og:image\" content=\"https:\/\/www.haegergroup.com\/wp-content\/uploads\/2018\/12\/HC-03W.009A_1000x1000.jpg\" \/>\n\t<meta property=\"og:image:width\" content=\"1000\" \/>\n\t<meta property=\"og:image:height\" content=\"1000\" \/>\n\t<meta property=\"og:image:type\" content=\"image\/jpeg\" \/>\n<meta name=\"twitter:card\" content=\"summary_large_image\" \/>\n<script type=\"application\/ld+json\" class=\"yoast-schema-graph\">{\"@context\":\"https:\/\/schema.org\",\"@graph\":[{\"@type\":\"WebPage\",\"@id\":\"https:\/\/www.haegergroup.com\/pt-pt\/produto\/precision-ii\/\",\"url\":\"https:\/\/www.haegergroup.com\/pt-pt\/produto\/precision-ii\/\",\"name\":\"Aparador de cabelo H\u00c6GER PRECISION II - Sem fios, seco e molhado - HAEGER Home Appliances\",\"isPartOf\":{\"@id\":\"https:\/\/www.haegergroup.com\/es\/#website\"},\"primaryImageOfPage\":{\"@id\":\"https:\/\/www.haegergroup.com\/pt-pt\/produto\/precision-ii\/#primaryimage\"},\"image\":{\"@id\":\"https:\/\/www.haegergroup.com\/pt-pt\/produto\/precision-ii\/#primaryimage\"},\"thumbnailUrl\":\"https:\/\/www.haegergroup.com\/wp-content\/uploads\/2018\/12\/HC-03W.009A_1000x1000.jpg\",\"datePublished\":\"2019-07-12T15:10:10+00:00\",\"dateModified\":\"2021-12-29T11:51:58+00:00\",\"description\":\"Marca de Pequenos Eletrodom\u00e9sticos para a sua cozinha, cuidados pessoais, casa e climatiza\u00e7\u00e3o. A op\u00e7\u00e3o inteligente para a sua casa.\",\"breadcrumb\":{\"@id\":\"https:\/\/www.haegergroup.com\/pt-pt\/produto\/precision-ii\/#breadcrumb\"},\"inLanguage\":\"pt-PT\",\"potentialAction\":[{\"@type\":\"ReadAction\",\"target\":[\"https:\/\/www.haegergroup.com\/pt-pt\/produto\/precision-ii\/\"]}]},{\"@type\":\"ImageObject\",\"inLanguage\":\"pt-PT\",\"@id\":\"https:\/\/www.haegergroup.com\/pt-pt\/produto\/precision-ii\/#primaryimage\",\"url\":\"https:\/\/www.haegergroup.com\/wp-content\/uploads\/2018\/12\/HC-03W.009A_1000x1000.jpg\",\"contentUrl\":\"https:\/\/www.haegergroup.com\/wp-content\/uploads\/2018\/12\/HC-03W.009A_1000x1000.jpg\",\"width\":1000,\"height\":1000},{\"@type\":\"BreadcrumbList\",\"@id\":\"https:\/\/www.haegergroup.com\/pt-pt\/produto\/precision-ii\/#breadcrumb\",\"itemListElement\":[{\"@type\":\"ListItem\",\"position\":1,\"name\":\"Portada\",\"item\":\"https:\/\/www.haegergroup.com\/pt-pt\/\"},{\"@type\":\"ListItem\",\"position\":2,\"name\":\"Productos\",\"item\":\"https:\/\/www.haegergroup.com\/es\/tienda\/\"},{\"@type\":\"ListItem\",\"position\":3,\"name\":\"Aparador de cabelo H\u00c6GER PRECISION II &#8211; Sem fios, seco e molhado\"}]},{\"@type\":\"WebSite\",\"@id\":\"https:\/\/www.haegergroup.com\/es\/#website\",\"url\":\"https:\/\/www.haegergroup.com\/es\/\",\"name\":\"HAEGER Home Appliances\",\"description\":\"eletrodom\u00e9sticos\",\"publisher\":{\"@id\":\"https:\/\/www.haegergroup.com\/es\/#organization\"},\"potentialAction\":[{\"@type\":\"SearchAction\",\"target\":{\"@type\":\"EntryPoint\",\"urlTemplate\":\"https:\/\/www.haegergroup.com\/es\/?s={search_term_string}\"},\"query-input\":{\"@type\":\"PropertyValueSpecification\",\"valueRequired\":true,\"valueName\":\"search_term_string\"}}],\"inLanguage\":\"pt-PT\"},{\"@type\":\"Organization\",\"@id\":\"https:\/\/www.haegergroup.com\/es\/#organization\",\"name\":\"Haeger Electrodom\u00e9sticos\",\"url\":\"https:\/\/www.haegergroup.com\/es\/\",\"logo\":{\"@type\":\"ImageObject\",\"inLanguage\":\"pt-PT\",\"@id\":\"https:\/\/www.haegergroup.com\/es\/#\/schema\/logo\/image\/\",\"url\":\"https:\/\/www.haegergroup.com\/wp-content\/uploads\/2018\/05\/logo-web-220.png\",\"contentUrl\":\"https:\/\/www.haegergroup.com\/wp-content\/uploads\/2018\/05\/logo-web-220.png\",\"width\":220,\"height\":49,\"caption\":\"Haeger Electrodom\u00e9sticos\"},\"image\":{\"@id\":\"https:\/\/www.haegergroup.com\/es\/#\/schema\/logo\/image\/\"}}]}<\/script>\n<!-- \/ Yoast SEO plugin. -->","yoast_head_json":{"title":"Aparador de cabelo H\u00c6GER PRECISION II - Sem fios, seco e molhado - HAEGER Home Appliances","description":"Marca de Pequenos Eletrodom\u00e9sticos para a sua cozinha, cuidados pessoais, casa e climatiza\u00e7\u00e3o. A op\u00e7\u00e3o inteligente para a sua casa.","robots":{"index":"index","follow":"follow","max-snippet":"max-snippet:-1","max-image-preview":"max-image-preview:large","max-video-preview":"max-video-preview:-1"},"canonical":"https:\/\/www.haegergroup.com\/pt-pt\/produto\/precision-ii\/","og_locale":"pt_PT","og_type":"article","og_title":"Aparador de cabelo H\u00c6GER PRECISION II - Sem fios, seco e molhado - HAEGER Home Appliances","og_description":"Marca de Pequenos Eletrodom\u00e9sticos para a sua cozinha, cuidados pessoais, casa e climatiza\u00e7\u00e3o. A op\u00e7\u00e3o inteligente para a sua casa.","og_url":"https:\/\/www.haegergroup.com\/pt-pt\/produto\/precision-ii\/","og_site_name":"HAEGER Home Appliances","article_modified_time":"2021-12-29T11:51:58+00:00","og_image":[{"width":1000,"height":1000,"url":"https:\/\/www.haegergroup.com\/wp-content\/uploads\/2018\/12\/HC-03W.009A_1000x1000.jpg","type":"image\/jpeg"}],"twitter_card":"summary_large_image","schema":{"@context":"https:\/\/schema.org","@graph":[{"@type":"WebPage","@id":"https:\/\/www.haegergroup.com\/pt-pt\/produto\/precision-ii\/","url":"https:\/\/www.haegergroup.com\/pt-pt\/produto\/precision-ii\/","name":"Aparador de cabelo H\u00c6GER PRECISION II - Sem fios, seco e molhado - HAEGER Home Appliances","isPartOf":{"@id":"https:\/\/www.haegergroup.com\/es\/#website"},"primaryImageOfPage":{"@id":"https:\/\/www.haegergroup.com\/pt-pt\/produto\/precision-ii\/#primaryimage"},"image":{"@id":"https:\/\/www.haegergroup.com\/pt-pt\/produto\/precision-ii\/#primaryimage"},"thumbnailUrl":"https:\/\/www.haegergroup.com\/wp-content\/uploads\/2018\/12\/HC-03W.009A_1000x1000.jpg","datePublished":"2019-07-12T15:10:10+00:00","dateModified":"2021-12-29T11:51:58+00:00","description":"Marca de Pequenos Eletrodom\u00e9sticos para a sua cozinha, cuidados pessoais, casa e climatiza\u00e7\u00e3o. A op\u00e7\u00e3o inteligente para a sua casa.","breadcrumb":{"@id":"https:\/\/www.haegergroup.com\/pt-pt\/produto\/precision-ii\/#breadcrumb"},"inLanguage":"pt-PT","potentialAction":[{"@type":"ReadAction","target":["https:\/\/www.haegergroup.com\/pt-pt\/produto\/precision-ii\/"]}]},{"@type":"ImageObject","inLanguage":"pt-PT","@id":"https:\/\/www.haegergroup.com\/pt-pt\/produto\/precision-ii\/#primaryimage","url":"https:\/\/www.haegergroup.com\/wp-content\/uploads\/2018\/12\/HC-03W.009A_1000x1000.jpg","contentUrl":"https:\/\/www.haegergroup.com\/wp-content\/uploads\/2018\/12\/HC-03W.009A_1000x1000.jpg","width":1000,"height":1000},{"@type":"BreadcrumbList","@id":"https:\/\/www.haegergroup.com\/pt-pt\/produto\/precision-ii\/#breadcrumb","itemListElement":[{"@type":"ListItem","position":1,"name":"Portada","item":"https:\/\/www.haegergroup.com\/pt-pt\/"},{"@type":"ListItem","position":2,"name":"Productos","item":"https:\/\/www.haegergroup.com\/es\/tienda\/"},{"@type":"ListItem","position":3,"name":"Aparador de cabelo H\u00c6GER PRECISION II &#8211; Sem fios, seco e molhado"}]},{"@type":"WebSite","@id":"https:\/\/www.haegergroup.com\/es\/#website","url":"https:\/\/www.haegergroup.com\/es\/","name":"HAEGER Home Appliances","description":"eletrodom\u00e9sticos","publisher":{"@id":"https:\/\/www.haegergroup.com\/es\/#organization"},"potentialAction":[{"@type":"SearchAction","target":{"@type":"EntryPoint","urlTemplate":"https:\/\/www.haegergroup.com\/es\/?s={search_term_string}"},"query-input":{"@type":"PropertyValueSpecification","valueRequired":true,"valueName":"search_term_string"}}],"inLanguage":"pt-PT"},{"@type":"Organization","@id":"https:\/\/www.haegergroup.com\/es\/#organization","name":"Haeger Electrodom\u00e9sticos","url":"https:\/\/www.haegergroup.com\/es\/","logo":{"@type":"ImageObject","inLanguage":"pt-PT","@id":"https:\/\/www.haegergroup.com\/es\/#\/schema\/logo\/image\/","url":"https:\/\/www.haegergroup.com\/wp-content\/uploads\/2018\/05\/logo-web-220.png","contentUrl":"https:\/\/www.haegergroup.com\/wp-content\/uploads\/2018\/05\/logo-web-220.png","width":220,"height":49,"caption":"Haeger Electrodom\u00e9sticos"},"image":{"@id":"https:\/\/www.haegergroup.com\/es\/#\/schema\/logo\/image\/"}}]}},"_links":{"self":[{"href":"https:\/\/www.haegergroup.com\/pt-pt\/wp-json\/wp\/v2\/product\/25185","targetHints":{"allow":["GET"]}}],"collection":[{"href":"https:\/\/www.haegergroup.com\/pt-pt\/wp-json\/wp\/v2\/product"}],"about":[{"href":"https:\/\/www.haegergroup.com\/pt-pt\/wp-json\/wp\/v2\/types\/product"}],"wp:featuredmedia":[{"embeddable":true,"href":"https:\/\/www.haegergroup.com\/pt-pt\/wp-json\/wp\/v2\/media\/21641"}],"wp:attachment":[{"href":"https:\/\/www.haegergroup.com\/pt-pt\/wp-json\/wp\/v2\/media?parent=25185"}],"wp:term":[{"taxonomy":"product_cat","embeddable":true,"href":"https:\/\/www.haegergroup.com\/pt-pt\/wp-json\/wp\/v2\/product_cat?post=25185"},{"taxonomy":"product_tag","embeddable":true,"href":"https:\/\/www.haegergroup.com\/pt-pt\/wp-json\/wp\/v2\/product_tag?post=25185"}],"curies":[{"name":"wp","href":"https:\/\/api.w.org\/{rel}","templated":true}]}}