{"id":36658,"date":"2024-10-15T13:45:57","date_gmt":"2024-10-15T14:44:59","guid":{"rendered":"https:\/\/www.haegergroup.com\/?post_type=product&#038;p=36658"},"modified":"2024-10-15T15:51:34","modified_gmt":"2024-10-15T14:51:34","slug":"cortapelos-de-nariz-y-oreja-haeger-gentle-45-min-de-duracion-de-la-bateria","status":"publish","type":"product","link":"https:\/\/www.haegergroup.com\/es\/producto\/cortapelos-de-nariz-y-oreja-haeger-gentle-45-min-de-duracion-de-la-bateria\/","title":{"rendered":"Cortapelos de Nariz y Orejas HAEGER Gentle &#8211; 45 min de Duraci\u00f3n de la Bater\u00eda"},"content":{"rendered":"<p>Con el cortapelos HAEGER Gentle para nariz y orejas, cuidar su aspecto nunca ha sido tan f\u00e1cil. Su dise\u00f1o compacto y ligero facilita su manejo, llegando a zonas dif\u00edciles como la nariz y las orejas sin causar molestias. Recargable a trav\u00e9s de un pr\u00e1ctico cable USB Type-C (incluido), ofrece comodidad y sostenibilidad al eliminar la necesidad de bater\u00edas desechables. Su bater\u00eda de 100mAh garantiza hasta 45 minutos de uso continuo, ideal para varias sesiones antes de necesitar recargarla.<\/p>\n<p>El interruptor ON\/OFF garantiza un uso intuitivo, mientras que la cubierta protectora mantiene las cuchillas seguras y preservadas cuando el cortapatillas no est\u00e1 en uso. Para facilitar el mantenimiento, incluye un cepillo de limpieza que permite mantener el cortapelos higienizado y en \u00f3ptimo estado de funcionamiento. Con una potencia de 2W, ofrece la fuerza necesaria para cortes precisos sin irritar la piel.<\/p>\n<p>Perfecta para llevarla de viaje y estar siempre perfecta.<\/p>\n","protected":false},"excerpt":{"rendered":"<h2>Cortapelos de Nariz y Orejas<br \/>\nModelo: NT-REC.004A<\/h2>\n<ul>\n<li>Cortapelos recargable mediante cable USB Tipo-C.<\/li>\n<li>Cable USB Type-C incluido<\/li>\n<li>Interruptor ON\/OFF<\/li>\n<li>Tapa protectora<\/li>\n<li>Cepillo de limpieza<\/li>\n<li>Autonom\u00eda: 450min<\/li>\n<li>Bater\u00eda: 3.7V &#8211; 100mAh<\/li>\n<li>Potencia: 2W<\/li>\n<\/ul>\n","protected":false},"featured_media":36657,"template":"","meta":[],"product_cat":[184,193],"product_tag":[],"class_list":{"0":"post-36658","1":"product","2":"type-product","3":"status-publish","4":"has-post-thumbnail","6":"product_cat-cuidado-personal","7":"product_cat-cortapelos-nariz","9":"first","10":"instock","11":"shipping-taxable","12":"product-type-simple"},"yoast_head":"<!-- This site is optimized with the Yoast SEO plugin v24.1 - https:\/\/yoast.com\/wordpress\/plugins\/seo\/ -->\n<title>Cortapelos de Nariz y Orejas HAEGER Gentle - 45 min de Duraci\u00f3n de la Bater\u00eda - H\u00c6GER Eletrodom\u00e9sticos<\/title>\n<meta name=\"description\" content=\"Marca de Pequenos Eletrodom\u00e9sticos para a sua cozinha, cuidados pessoais, casa e climatiza\u00e7\u00e3o. A op\u00e7\u00e3o inteligente para a sua casa.\" \/>\n<meta name=\"robots\" content=\"index, follow, max-snippet:-1, max-image-preview:large, max-video-preview:-1\" \/>\n<link rel=\"canonical\" href=\"https:\/\/www.haegergroup.com\/es\/producto\/cortapelos-de-nariz-y-oreja-haeger-gentle-45-min-de-duracion-de-la-bateria\/\" \/>\n<meta property=\"og:locale\" content=\"es_ES\" \/>\n<meta property=\"og:type\" content=\"article\" \/>\n<meta property=\"og:title\" content=\"Cortapelos de Nariz y Orejas HAEGER Gentle - 45 min de Duraci\u00f3n de la Bater\u00eda - H\u00c6GER Eletrodom\u00e9sticos\" \/>\n<meta property=\"og:description\" content=\"Marca de Pequenos Eletrodom\u00e9sticos para a sua cozinha, cuidados pessoais, casa e climatiza\u00e7\u00e3o. A op\u00e7\u00e3o inteligente para a sua casa.\" \/>\n<meta property=\"og:url\" content=\"https:\/\/www.haegergroup.com\/es\/producto\/cortapelos-de-nariz-y-oreja-haeger-gentle-45-min-de-duracion-de-la-bateria\/\" \/>\n<meta property=\"og:site_name\" content=\"H\u00c6GER Eletrodom\u00e9sticos\" \/>\n<meta property=\"article:modified_time\" content=\"2024-10-15T14:51:34+00:00\" \/>\n<meta property=\"og:image\" content=\"https:\/\/www.haegergroup.com\/wp-content\/uploads\/NT-REC.004A_2-1.jpg\" \/>\n\t<meta property=\"og:image:width\" content=\"1200\" \/>\n\t<meta property=\"og:image:height\" content=\"1200\" \/>\n\t<meta property=\"og:image:type\" content=\"image\/jpeg\" \/>\n<meta name=\"twitter:card\" content=\"summary_large_image\" \/>\n<meta name=\"twitter:label1\" content=\"Tiempo de lectura\" \/>\n\t<meta name=\"twitter:data1\" content=\"1 minuto\" \/>\n<script type=\"application\/ld+json\" class=\"yoast-schema-graph\">{\"@context\":\"https:\/\/schema.org\",\"@graph\":[{\"@type\":\"WebPage\",\"@id\":\"https:\/\/www.haegergroup.com\/es\/producto\/cortapelos-de-nariz-y-oreja-haeger-gentle-45-min-de-duracion-de-la-bateria\/\",\"url\":\"https:\/\/www.haegergroup.com\/es\/producto\/cortapelos-de-nariz-y-oreja-haeger-gentle-45-min-de-duracion-de-la-bateria\/\",\"name\":\"Cortapelos de Nariz y Orejas HAEGER Gentle - 45 min de Duraci\u00f3n de la Bater\u00eda - H\u00c6GER Eletrodom\u00e9sticos\",\"isPartOf\":{\"@id\":\"https:\/\/www.haegergroup.com\/es\/#website\"},\"primaryImageOfPage\":{\"@id\":\"https:\/\/www.haegergroup.com\/es\/producto\/cortapelos-de-nariz-y-oreja-haeger-gentle-45-min-de-duracion-de-la-bateria\/#primaryimage\"},\"image\":{\"@id\":\"https:\/\/www.haegergroup.com\/es\/producto\/cortapelos-de-nariz-y-oreja-haeger-gentle-45-min-de-duracion-de-la-bateria\/#primaryimage\"},\"thumbnailUrl\":\"https:\/\/www.haegergroup.com\/wp-content\/uploads\/NT-REC.004A_2-1.jpg\",\"datePublished\":\"2024-10-15T14:44:59+00:00\",\"dateModified\":\"2024-10-15T14:51:34+00:00\",\"description\":\"Marca de Pequenos Eletrodom\u00e9sticos para a sua cozinha, cuidados pessoais, casa e climatiza\u00e7\u00e3o. A op\u00e7\u00e3o inteligente para a sua casa.\",\"breadcrumb\":{\"@id\":\"https:\/\/www.haegergroup.com\/es\/producto\/cortapelos-de-nariz-y-oreja-haeger-gentle-45-min-de-duracion-de-la-bateria\/#breadcrumb\"},\"inLanguage\":\"es\",\"potentialAction\":[{\"@type\":\"ReadAction\",\"target\":[\"https:\/\/www.haegergroup.com\/es\/producto\/cortapelos-de-nariz-y-oreja-haeger-gentle-45-min-de-duracion-de-la-bateria\/\"]}]},{\"@type\":\"ImageObject\",\"inLanguage\":\"es\",\"@id\":\"https:\/\/www.haegergroup.com\/es\/producto\/cortapelos-de-nariz-y-oreja-haeger-gentle-45-min-de-duracion-de-la-bateria\/#primaryimage\",\"url\":\"https:\/\/www.haegergroup.com\/wp-content\/uploads\/NT-REC.004A_2-1.jpg\",\"contentUrl\":\"https:\/\/www.haegergroup.com\/wp-content\/uploads\/NT-REC.004A_2-1.jpg\",\"width\":1200,\"height\":1200},{\"@type\":\"BreadcrumbList\",\"@id\":\"https:\/\/www.haegergroup.com\/es\/producto\/cortapelos-de-nariz-y-oreja-haeger-gentle-45-min-de-duracion-de-la-bateria\/#breadcrumb\",\"itemListElement\":[{\"@type\":\"ListItem\",\"position\":1,\"name\":\"Portada\",\"item\":\"https:\/\/www.haegergroup.com\/es\/\"},{\"@type\":\"ListItem\",\"position\":2,\"name\":\"Productos\",\"item\":\"https:\/\/www.haegergroup.com\/es\/tienda\/\"},{\"@type\":\"ListItem\",\"position\":3,\"name\":\"Cortapelos de Nariz y Orejas HAEGER Gentle &#8211; 45 min de Duraci\u00f3n de la Bater\u00eda\"}]},{\"@type\":\"WebSite\",\"@id\":\"https:\/\/www.haegergroup.com\/es\/#website\",\"url\":\"https:\/\/www.haegergroup.com\/es\/\",\"name\":\"H\u00c6GER Eletrodom\u00e9sticos\",\"description\":\"A escolha inteligente\",\"publisher\":{\"@id\":\"https:\/\/www.haegergroup.com\/es\/#organization\"},\"potentialAction\":[{\"@type\":\"SearchAction\",\"target\":{\"@type\":\"EntryPoint\",\"urlTemplate\":\"https:\/\/www.haegergroup.com\/es\/?s={search_term_string}\"},\"query-input\":{\"@type\":\"PropertyValueSpecification\",\"valueRequired\":true,\"valueName\":\"search_term_string\"}}],\"inLanguage\":\"es\"},{\"@type\":\"Organization\",\"@id\":\"https:\/\/www.haegergroup.com\/es\/#organization\",\"name\":\"Haeger Electrodom\u00e9sticos\",\"url\":\"https:\/\/www.haegergroup.com\/es\/\",\"logo\":{\"@type\":\"ImageObject\",\"inLanguage\":\"es\",\"@id\":\"https:\/\/www.haegergroup.com\/es\/#\/schema\/logo\/image\/\",\"url\":\"https:\/\/www.haegergroup.com\/wp-content\/uploads\/2018\/05\/logo-web-220.png\",\"contentUrl\":\"https:\/\/www.haegergroup.com\/wp-content\/uploads\/2018\/05\/logo-web-220.png\",\"width\":220,\"height\":49,\"caption\":\"Haeger Electrodom\u00e9sticos\"},\"image\":{\"@id\":\"https:\/\/www.haegergroup.com\/es\/#\/schema\/logo\/image\/\"}}]}<\/script>\n<!-- \/ Yoast SEO plugin. -->","yoast_head_json":{"title":"Cortapelos de Nariz y Orejas HAEGER Gentle - 45 min de Duraci\u00f3n de la Bater\u00eda - H\u00c6GER Eletrodom\u00e9sticos","description":"Marca de Pequenos Eletrodom\u00e9sticos para a sua cozinha, cuidados pessoais, casa e climatiza\u00e7\u00e3o. A op\u00e7\u00e3o inteligente para a sua casa.","robots":{"index":"index","follow":"follow","max-snippet":"max-snippet:-1","max-image-preview":"max-image-preview:large","max-video-preview":"max-video-preview:-1"},"canonical":"https:\/\/www.haegergroup.com\/es\/producto\/cortapelos-de-nariz-y-oreja-haeger-gentle-45-min-de-duracion-de-la-bateria\/","og_locale":"es_ES","og_type":"article","og_title":"Cortapelos de Nariz y Orejas HAEGER Gentle - 45 min de Duraci\u00f3n de la Bater\u00eda - H\u00c6GER Eletrodom\u00e9sticos","og_description":"Marca de Pequenos Eletrodom\u00e9sticos para a sua cozinha, cuidados pessoais, casa e climatiza\u00e7\u00e3o. A op\u00e7\u00e3o inteligente para a sua casa.","og_url":"https:\/\/www.haegergroup.com\/es\/producto\/cortapelos-de-nariz-y-oreja-haeger-gentle-45-min-de-duracion-de-la-bateria\/","og_site_name":"H\u00c6GER Eletrodom\u00e9sticos","article_modified_time":"2024-10-15T14:51:34+00:00","og_image":[{"width":1200,"height":1200,"url":"https:\/\/www.haegergroup.com\/wp-content\/uploads\/NT-REC.004A_2-1.jpg","type":"image\/jpeg"}],"twitter_card":"summary_large_image","twitter_misc":{"Tiempo de lectura":"1 minuto"},"schema":{"@context":"https:\/\/schema.org","@graph":[{"@type":"WebPage","@id":"https:\/\/www.haegergroup.com\/es\/producto\/cortapelos-de-nariz-y-oreja-haeger-gentle-45-min-de-duracion-de-la-bateria\/","url":"https:\/\/www.haegergroup.com\/es\/producto\/cortapelos-de-nariz-y-oreja-haeger-gentle-45-min-de-duracion-de-la-bateria\/","name":"Cortapelos de Nariz y Orejas HAEGER Gentle - 45 min de Duraci\u00f3n de la Bater\u00eda - H\u00c6GER Eletrodom\u00e9sticos","isPartOf":{"@id":"https:\/\/www.haegergroup.com\/es\/#website"},"primaryImageOfPage":{"@id":"https:\/\/www.haegergroup.com\/es\/producto\/cortapelos-de-nariz-y-oreja-haeger-gentle-45-min-de-duracion-de-la-bateria\/#primaryimage"},"image":{"@id":"https:\/\/www.haegergroup.com\/es\/producto\/cortapelos-de-nariz-y-oreja-haeger-gentle-45-min-de-duracion-de-la-bateria\/#primaryimage"},"thumbnailUrl":"https:\/\/www.haegergroup.com\/wp-content\/uploads\/NT-REC.004A_2-1.jpg","datePublished":"2024-10-15T14:44:59+00:00","dateModified":"2024-10-15T14:51:34+00:00","description":"Marca de Pequenos Eletrodom\u00e9sticos para a sua cozinha, cuidados pessoais, casa e climatiza\u00e7\u00e3o. A op\u00e7\u00e3o inteligente para a sua casa.","breadcrumb":{"@id":"https:\/\/www.haegergroup.com\/es\/producto\/cortapelos-de-nariz-y-oreja-haeger-gentle-45-min-de-duracion-de-la-bateria\/#breadcrumb"},"inLanguage":"es","potentialAction":[{"@type":"ReadAction","target":["https:\/\/www.haegergroup.com\/es\/producto\/cortapelos-de-nariz-y-oreja-haeger-gentle-45-min-de-duracion-de-la-bateria\/"]}]},{"@type":"ImageObject","inLanguage":"es","@id":"https:\/\/www.haegergroup.com\/es\/producto\/cortapelos-de-nariz-y-oreja-haeger-gentle-45-min-de-duracion-de-la-bateria\/#primaryimage","url":"https:\/\/www.haegergroup.com\/wp-content\/uploads\/NT-REC.004A_2-1.jpg","contentUrl":"https:\/\/www.haegergroup.com\/wp-content\/uploads\/NT-REC.004A_2-1.jpg","width":1200,"height":1200},{"@type":"BreadcrumbList","@id":"https:\/\/www.haegergroup.com\/es\/producto\/cortapelos-de-nariz-y-oreja-haeger-gentle-45-min-de-duracion-de-la-bateria\/#breadcrumb","itemListElement":[{"@type":"ListItem","position":1,"name":"Portada","item":"https:\/\/www.haegergroup.com\/es\/"},{"@type":"ListItem","position":2,"name":"Productos","item":"https:\/\/www.haegergroup.com\/es\/tienda\/"},{"@type":"ListItem","position":3,"name":"Cortapelos de Nariz y Orejas HAEGER Gentle &#8211; 45 min de Duraci\u00f3n de la Bater\u00eda"}]},{"@type":"WebSite","@id":"https:\/\/www.haegergroup.com\/es\/#website","url":"https:\/\/www.haegergroup.com\/es\/","name":"H\u00c6GER Eletrodom\u00e9sticos","description":"A escolha inteligente","publisher":{"@id":"https:\/\/www.haegergroup.com\/es\/#organization"},"potentialAction":[{"@type":"SearchAction","target":{"@type":"EntryPoint","urlTemplate":"https:\/\/www.haegergroup.com\/es\/?s={search_term_string}"},"query-input":{"@type":"PropertyValueSpecification","valueRequired":true,"valueName":"search_term_string"}}],"inLanguage":"es"},{"@type":"Organization","@id":"https:\/\/www.haegergroup.com\/es\/#organization","name":"Haeger Electrodom\u00e9sticos","url":"https:\/\/www.haegergroup.com\/es\/","logo":{"@type":"ImageObject","inLanguage":"es","@id":"https:\/\/www.haegergroup.com\/es\/#\/schema\/logo\/image\/","url":"https:\/\/www.haegergroup.com\/wp-content\/uploads\/2018\/05\/logo-web-220.png","contentUrl":"https:\/\/www.haegergroup.com\/wp-content\/uploads\/2018\/05\/logo-web-220.png","width":220,"height":49,"caption":"Haeger Electrodom\u00e9sticos"},"image":{"@id":"https:\/\/www.haegergroup.com\/es\/#\/schema\/logo\/image\/"}}]}},"_links":{"self":[{"href":"https:\/\/www.haegergroup.com\/es\/wp-json\/wp\/v2\/product\/36658","targetHints":{"allow":["GET"]}}],"collection":[{"href":"https:\/\/www.haegergroup.com\/es\/wp-json\/wp\/v2\/product"}],"about":[{"href":"https:\/\/www.haegergroup.com\/es\/wp-json\/wp\/v2\/types\/product"}],"wp:featuredmedia":[{"embeddable":true,"href":"https:\/\/www.haegergroup.com\/es\/wp-json\/wp\/v2\/media\/36657"}],"wp:attachment":[{"href":"https:\/\/www.haegergroup.com\/es\/wp-json\/wp\/v2\/media?parent=36658"}],"wp:term":[{"taxonomy":"product_cat","embeddable":true,"href":"https:\/\/www.haegergroup.com\/es\/wp-json\/wp\/v2\/product_cat?post=36658"},{"taxonomy":"product_tag","embeddable":true,"href":"https:\/\/www.haegergroup.com\/es\/wp-json\/wp\/v2\/product_tag?post=36658"}],"curies":[{"name":"wp","href":"https:\/\/api.w.org\/{rel}","templated":true}]}}