{"id":17624,"date":"2018-09-06T18:18:56","date_gmt":"2018-09-06T16:18:56","guid":{"rendered":"https:\/\/www.haegergroup.com\/?page_id=17624"},"modified":"2018-09-13T20:21:13","modified_gmt":"2018-09-13T18:21:13","slug":"recetas","status":"publish","type":"page","link":"https:\/\/www.haegergroup.com\/es\/recetas\/","title":{"rendered":"Recetas"},"content":{"rendered":"<div class=\"fusion-fullwidth fullwidth-box fusion-builder-row-1 fusion-flex-container hundred-percent-fullwidth non-hundred-percent-height-scrolling\" style=\"background-color: rgba(255,255,255,0);background-position: center center;background-repeat: no-repeat;border-width: 0px 0px 0px 0px;border-color:var(--awb-color3);border-style:solid;\" ><div class=\"fusion-builder-row fusion-row fusion-flex-align-items-flex-start\" style=\"width:calc( 100% + 0px ) !important;max-width:calc( 100% + 0px ) !important;margin-left: calc(-0px \/ 2 );margin-right: calc(-0px \/ 2 );\"><div class=\"fusion-layout-column fusion_builder_column fusion-builder-column-0 fusion_builder_column_1_1 1_1 fusion-flex-column fusion-flex-align-self-flex-start fusion-column-no-min-height\"><div class=\"fusion-column-wrapper fusion-flex-justify-content-flex-start fusion-content-layout-column\" style=\"background-position:left top;background-repeat:no-repeat;-webkit-background-size:cover;-moz-background-size:cover;-o-background-size:cover;background-size:cover;padding: 0px 0px 0px 0px;\"><div class=\"fusion-blog-shortcode fusion-blog-shortcode-1 fusion-blog-archive fusion-blog-layout-grid-wrapper fusion-blog-infinite\"><style type=\"text\/css\">.fusion-blog-shortcode-1 .fusion-blog-layout-grid .fusion-post-grid{padding:20px;}.fusion-blog-shortcode-1 .fusion-posts-container{margin-left: -20px !important; margin-right:-20px !important;}<\/style><div class=\"fusion-posts-container fusion-posts-container-infinite fusion-blog-rollover fusion-blog-layout-grid fusion-blog-layout-grid-2 isotope fusion-blog-equal-heights\" data-pages=\"1\" data-grid-col-space=\"40\" style=\"margin: -20px -20px 0;min-height:500px;\"><article id=\"blog-1-post-12112\" class=\"fusion-post-grid post-12112 post type-post status-publish format-standard has-post-thumbnail hentry category-blog-haeger category-recetas tag-croquetas tag-garbanzos tag-quinoa\">\n<div class=\"fusion-post-wrapper\" style=\"background-color:rgba(255,255,255,0);border:1px solid #ebeaea;border-bottom-width:3px;\">\n\n\t\t\t<div class=\"fusion-flexslider flexslider fusion-flexslider-loading fusion-post-slideshow\" style=\"border-color:#ebeaea;\">\n\t\t<ul class=\"slides\">\n\t\t\t\n\t\t\t\t\t\t\t\t\t\t\t\t\t\t<li><div  class=\"fusion-image-wrapper\" aria-haspopup=\"true\">\n\t\t\t\t<img decoding=\"async\" width=\"850\" height=\"850\" src=\"https:\/\/www.haegergroup.com\/wp-content\/uploads\/2018\/05\/receta-veganmuffin-sq-1.jpg\" class=\"attachment-full size-full wp-post-image\" alt=\"\" srcset=\"https:\/\/www.haegergroup.com\/wp-content\/uploads\/2018\/05\/receta-veganmuffin-sq-1-200x200.jpg 200w, https:\/\/www.haegergroup.com\/wp-content\/uploads\/2018\/05\/receta-veganmuffin-sq-1-400x400.jpg 400w, https:\/\/www.haegergroup.com\/wp-content\/uploads\/2018\/05\/receta-veganmuffin-sq-1-600x600.jpg 600w, https:\/\/www.haegergroup.com\/wp-content\/uploads\/2018\/05\/receta-veganmuffin-sq-1-800x800.jpg 800w, https:\/\/www.haegergroup.com\/wp-content\/uploads\/2018\/05\/receta-veganmuffin-sq-1.jpg 850w\" sizes=\"(min-width: 2200px) 100vw, (min-width: 736px) 530px, (min-width: 640px) 736px, \" \/><div class=\"fusion-rollover\">\n\t<div class=\"fusion-rollover-content\">\n\n\t\t\t\t\t\t\t\t\t\t\t\t\t\t<a class=\"fusion-rollover-link\" href=\"https:\/\/www.haegergroup.com\/es\/muffins-de-arandanos\/\">MUFFINS DE AR\u00c1NDANOS<\/a>\n\t\t\t\n\t\t\t\t\t\t\t\t\t\t\t\t\t\t\n\t\t\t\t\t\t\t\t\n\t\t\t\t\t\t\t\t\t\t\t\t\t<div class=\"fusion-rollover-sep\"><\/div>\n\t\t\t\t\n\t\t\t\t\t\t\t\t\t\t\t\t\t\t\t\t\t\t<a class=\"fusion-rollover-gallery\" href=\"https:\/\/www.haegergroup.com\/wp-content\/uploads\/2018\/05\/receta-veganmuffin-sq-1.jpg\" data-id=\"12112\" data-rel=\"iLightbox[gallery]\" data-title=\"receta-veganmuffin-sq\" data-caption=\"\">\n\t\t\t\t\t\tGallery\t\t\t\t\t<\/a>\n\t\t\t\t\t\t\t\t\t\t\t\t\t\t\n\t\t\n\t\t\t\t\t\t\t\t\t\t\t\t<h4 class=\"fusion-rollover-title\">\n\t\t\t\t\t<a class=\"fusion-rollover-title-link\" href=\"https:\/\/www.haegergroup.com\/es\/muffins-de-arandanos\/\">\n\t\t\t\t\t\tMUFFINS DE AR\u00c1NDANOS\t\t\t\t\t<\/a>\n\t\t\t\t<\/h4>\n\t\t\t\n\t\t\t\t\t\t\t\t\t\t<div class=\"fusion-rollover-categories\"><a href=\"https:\/\/www.haegergroup.com\/es\/category\/blog-haeger\/\" rel=\"tag\">Blog H\u00c6GER<\/a>, <a href=\"https:\/\/www.haegergroup.com\/es\/category\/blog-haeger\/recetas\/\" rel=\"tag\">Recetas<\/a><\/div>\t\t\t\t\t\n\t\t\n\t\t\t\t\t\t<a class=\"fusion-link-wrapper\" href=\"https:\/\/www.haegergroup.com\/es\/muffins-de-arandanos\/\" aria-label=\"MUFFINS DE AR\u00c1NDANOS\"><\/a>\n\t<\/div>\n<\/div>\n<\/div>\n<\/li>\n\t\t\t\n\t\t\t\n\t\t\t\t\t\t\t\t\t\t\t\t\t\t\t\t\t\t\t\t\t\t\t\t\t\t\t\t\t\t\t\t\t\t\t\t\t\t\t\t\t\t\t\t\t\t\t\t\t\t\t\t\t\t\t\t\t\t\t\t\t\t\t\t\t\t\t\t<\/ul>\n\t<\/div>\n\t<div class=\"fusion-post-content-wrapper\" style=\"padding:30px 25px 25px 25px;\"><div class=\"fusion-post-content post-content\"><h2 class=\"blog-shortcode-post-title entry-title\"><a href=\"https:\/\/www.haegergroup.com\/es\/muffins-de-arandanos\/\">MUFFINS DE AR\u00c1NDANOS<\/a><\/h2><p class=\"fusion-single-line-meta\"><span class=\"vcard\" style=\"display: none;\"><span class=\"fn\"><a href=\"https:\/\/www.haegergroup.com\/es\/author\/falmeid\/\" title=\"Entradas de FAlmeid@\" rel=\"author\">FAlmeid@<\/a><\/span><\/span><span class=\"updated\" style=\"display:none;\">2018-10-10T14:52:07+01:00<\/span><span>mayo 22nd, 2018<\/span><span class=\"fusion-inline-sep\">|<\/span><a href=\"https:\/\/www.haegergroup.com\/es\/category\/blog-haeger\/\" rel=\"category tag\">Blog H\u00c6GER<\/a>, <a href=\"https:\/\/www.haegergroup.com\/es\/category\/blog-haeger\/recetas\/\" rel=\"category tag\">Recetas<\/a><span class=\"fusion-inline-sep\">|<\/span><\/p><div class=\"fusion-content-sep sep-double sep-solid\" style=\"border-color:#ebeaea;\"><\/div><div class=\"fusion-post-content-container\"><p>A continuaci\u00f3n te detallamos c\u00f3mo elaborar nuestra receta HAEGER creada especialmente para ti, que podr\u00e1s cocinarla gracias a nuestros productos de cocina pensados para que  [...]<\/p><\/div><\/div><div class=\"fusion-meta-info\"><div class=\"fusion-alignleft\"><a class=\"fusion-read-more\" href=\"https:\/\/www.haegergroup.com\/es\/muffins-de-arandanos\/\" aria-label=\"More on MUFFINS DE AR\u00c1NDANOS\">Read More<\/a><\/div><\/div><\/div><div class=\"fusion-clearfix\"><\/div><\/div>\n<\/article>\n<article id=\"blog-1-post-12115\" class=\"fusion-post-grid post-12115 post type-post status-publish format-standard has-post-thumbnail hentry category-blog-haeger category-recetas tag-croquetas tag-garbanzos tag-quinoa\">\n<div class=\"fusion-post-wrapper\" style=\"background-color:rgba(255,255,255,0);border:1px solid #ebeaea;border-bottom-width:3px;\">\n\n\t\t\t<div class=\"fusion-flexslider flexslider fusion-flexslider-loading fusion-post-slideshow\" style=\"border-color:#ebeaea;\">\n\t\t<ul class=\"slides\">\n\t\t\t\n\t\t\t\t\t\t\t\t\t\t\t\t\t\t<li><div  class=\"fusion-image-wrapper\" aria-haspopup=\"true\">\n\t\t\t\t<img decoding=\"async\" width=\"1000\" height=\"1000\" src=\"https:\/\/www.haegergroup.com\/wp-content\/uploads\/2018\/05\/recetas-tarta-sq.jpg\" class=\"attachment-full size-full wp-post-image\" alt=\"\" srcset=\"https:\/\/www.haegergroup.com\/wp-content\/uploads\/2018\/05\/recetas-tarta-sq-200x200.jpg 200w, https:\/\/www.haegergroup.com\/wp-content\/uploads\/2018\/05\/recetas-tarta-sq-400x400.jpg 400w, https:\/\/www.haegergroup.com\/wp-content\/uploads\/2018\/05\/recetas-tarta-sq-600x600.jpg 600w, https:\/\/www.haegergroup.com\/wp-content\/uploads\/2018\/05\/recetas-tarta-sq-800x800.jpg 800w, https:\/\/www.haegergroup.com\/wp-content\/uploads\/2018\/05\/recetas-tarta-sq.jpg 1000w\" sizes=\"(min-width: 2200px) 100vw, (min-width: 736px) 530px, (min-width: 640px) 736px, \" \/><div class=\"fusion-rollover\">\n\t<div class=\"fusion-rollover-content\">\n\n\t\t\t\t\t\t\t\t\t\t\t\t\t\t<a class=\"fusion-rollover-link\" href=\"https:\/\/www.haegergroup.com\/es\/tarta-de-fresas-sin-azucar\/\">TARTA DE FRESAS SIN AZ\u00daCAR<\/a>\n\t\t\t\n\t\t\t\t\t\t\t\t\t\t\t\t\t\t\n\t\t\t\t\t\t\t\t\n\t\t\t\t\t\t\t\t\t\t\t\t\t<div class=\"fusion-rollover-sep\"><\/div>\n\t\t\t\t\n\t\t\t\t\t\t\t\t\t\t\t\t\t\t\t\t\t\t<a class=\"fusion-rollover-gallery\" href=\"https:\/\/www.haegergroup.com\/wp-content\/uploads\/2018\/05\/recetas-tarta-sq.jpg\" data-id=\"12115\" data-rel=\"iLightbox[gallery]\" data-title=\"recetas-tarta-sq\" data-caption=\"\">\n\t\t\t\t\t\tGallery\t\t\t\t\t<\/a>\n\t\t\t\t\t\t\t\t\t\t\t\t\t\t\n\t\t\n\t\t\t\t\t\t\t\t\t\t\t\t<h4 class=\"fusion-rollover-title\">\n\t\t\t\t\t<a class=\"fusion-rollover-title-link\" href=\"https:\/\/www.haegergroup.com\/es\/tarta-de-fresas-sin-azucar\/\">\n\t\t\t\t\t\tTARTA DE FRESAS SIN AZ\u00daCAR\t\t\t\t\t<\/a>\n\t\t\t\t<\/h4>\n\t\t\t\n\t\t\t\t\t\t\t\t\t\t<div class=\"fusion-rollover-categories\"><a href=\"https:\/\/www.haegergroup.com\/es\/category\/blog-haeger\/\" rel=\"tag\">Blog H\u00c6GER<\/a>, <a href=\"https:\/\/www.haegergroup.com\/es\/category\/blog-haeger\/recetas\/\" rel=\"tag\">Recetas<\/a><\/div>\t\t\t\t\t\n\t\t\n\t\t\t\t\t\t<a class=\"fusion-link-wrapper\" href=\"https:\/\/www.haegergroup.com\/es\/tarta-de-fresas-sin-azucar\/\" aria-label=\"TARTA DE FRESAS SIN AZ\u00daCAR\"><\/a>\n\t<\/div>\n<\/div>\n<\/div>\n<\/li>\n\t\t\t\n\t\t\t\n\t\t\t\t\t\t\t\t\t\t\t\t\t\t\t\t\t\t\t\t\t\t\t\t\t\t\t\t\t\t\t\t\t\t\t\t\t\t\t\t\t\t\t\t\t\t\t\t\t\t\t\t\t\t\t\t\t\t\t\t\t\t\t\t\t\t\t\t<\/ul>\n\t<\/div>\n\t<div class=\"fusion-post-content-wrapper\" style=\"padding:30px 25px 25px 25px;\"><div class=\"fusion-post-content post-content\"><h2 class=\"blog-shortcode-post-title entry-title\"><a href=\"https:\/\/www.haegergroup.com\/es\/tarta-de-fresas-sin-azucar\/\">TARTA DE FRESAS SIN AZ\u00daCAR<\/a><\/h2><p class=\"fusion-single-line-meta\"><span class=\"vcard\" style=\"display: none;\"><span class=\"fn\"><a href=\"https:\/\/www.haegergroup.com\/es\/author\/falmeid\/\" title=\"Entradas de FAlmeid@\" rel=\"author\">FAlmeid@<\/a><\/span><\/span><span class=\"updated\" style=\"display:none;\">2018-09-11T20:34:13+01:00<\/span><span>mayo 11th, 2018<\/span><span class=\"fusion-inline-sep\">|<\/span><a href=\"https:\/\/www.haegergroup.com\/es\/category\/blog-haeger\/\" rel=\"category tag\">Blog H\u00c6GER<\/a>, <a href=\"https:\/\/www.haegergroup.com\/es\/category\/blog-haeger\/recetas\/\" rel=\"category tag\">Recetas<\/a><span class=\"fusion-inline-sep\">|<\/span><\/p><div class=\"fusion-content-sep sep-double sep-solid\" style=\"border-color:#ebeaea;\"><\/div><div class=\"fusion-post-content-container\"><p>A continuaci\u00f3n te detallamos c\u00f3mo elaborar nuestra receta H\u00c6GER creada especialmente para ti, que podr\u00e1s cocinarla gracias a nuestros productos de cocina pensados para que  [...]<\/p><\/div><\/div><div class=\"fusion-meta-info\"><div class=\"fusion-alignleft\"><a class=\"fusion-read-more\" href=\"https:\/\/www.haegergroup.com\/es\/tarta-de-fresas-sin-azucar\/\" aria-label=\"More on TARTA DE FRESAS SIN AZ\u00daCAR\">Read More<\/a><\/div><\/div><\/div><div class=\"fusion-clearfix\"><\/div><\/div>\n<\/article>\n<article id=\"blog-1-post-11929\" class=\"fusion-post-grid post-11929 post type-post status-publish format-standard has-post-thumbnail hentry category-blog-haeger category-recetas tag-croquetas tag-garbanzos tag-quinoa\">\n<div class=\"fusion-post-wrapper\" style=\"background-color:rgba(255,255,255,0);border:1px solid #ebeaea;border-bottom-width:3px;\">\n\n\t\t\t<div class=\"fusion-flexslider flexslider fusion-flexslider-loading fusion-post-slideshow\" style=\"border-color:#ebeaea;\">\n\t\t<ul class=\"slides\">\n\t\t\t\n\t\t\t\t\t\t\t\t\t\t\t\t\t\t<li><div  class=\"fusion-image-wrapper\" aria-haspopup=\"true\">\n\t\t\t\t<img decoding=\"async\" width=\"1000\" height=\"1000\" src=\"https:\/\/www.haegergroup.com\/wp-content\/uploads\/2018\/05\/recetas-croquetas-sq.jpg\" class=\"attachment-full size-full wp-post-image\" alt=\"\" srcset=\"https:\/\/www.haegergroup.com\/wp-content\/uploads\/2018\/05\/recetas-croquetas-sq-200x200.jpg 200w, https:\/\/www.haegergroup.com\/wp-content\/uploads\/2018\/05\/recetas-croquetas-sq-400x400.jpg 400w, https:\/\/www.haegergroup.com\/wp-content\/uploads\/2018\/05\/recetas-croquetas-sq-600x600.jpg 600w, https:\/\/www.haegergroup.com\/wp-content\/uploads\/2018\/05\/recetas-croquetas-sq-800x800.jpg 800w, https:\/\/www.haegergroup.com\/wp-content\/uploads\/2018\/05\/recetas-croquetas-sq.jpg 1000w\" sizes=\"(min-width: 2200px) 100vw, (min-width: 736px) 530px, (min-width: 640px) 736px, \" \/><div class=\"fusion-rollover\">\n\t<div class=\"fusion-rollover-content\">\n\n\t\t\t\t\t\t\t\t\t\t\t\t\t\t<a class=\"fusion-rollover-link\" href=\"https:\/\/www.haegergroup.com\/es\/croquetas-de-quinoa-y-garbanzos\/\">CROQUETAS DE QUINOA Y GARBANZOS<\/a>\n\t\t\t\n\t\t\t\t\t\t\t\t\t\t\t\t\t\t\n\t\t\t\t\t\t\t\t\n\t\t\t\t\t\t\t\t\t\t\t\t\t<div class=\"fusion-rollover-sep\"><\/div>\n\t\t\t\t\n\t\t\t\t\t\t\t\t\t\t\t\t\t\t\t\t\t\t<a class=\"fusion-rollover-gallery\" href=\"https:\/\/www.haegergroup.com\/wp-content\/uploads\/2018\/05\/recetas-croquetas-sq.jpg\" data-id=\"11929\" data-rel=\"iLightbox[gallery]\" data-title=\"recetas-croquetas-sq\" data-caption=\"\">\n\t\t\t\t\t\tGallery\t\t\t\t\t<\/a>\n\t\t\t\t\t\t\t\t\t\t\t\t\t\t\n\t\t\n\t\t\t\t\t\t\t\t\t\t\t\t<h4 class=\"fusion-rollover-title\">\n\t\t\t\t\t<a class=\"fusion-rollover-title-link\" href=\"https:\/\/www.haegergroup.com\/es\/croquetas-de-quinoa-y-garbanzos\/\">\n\t\t\t\t\t\tCROQUETAS DE QUINOA Y GARBANZOS\t\t\t\t\t<\/a>\n\t\t\t\t<\/h4>\n\t\t\t\n\t\t\t\t\t\t\t\t\t\t<div class=\"fusion-rollover-categories\"><a href=\"https:\/\/www.haegergroup.com\/es\/category\/blog-haeger\/\" rel=\"tag\">Blog H\u00c6GER<\/a>, <a href=\"https:\/\/www.haegergroup.com\/es\/category\/blog-haeger\/recetas\/\" rel=\"tag\">Recetas<\/a><\/div>\t\t\t\t\t\n\t\t\n\t\t\t\t\t\t<a class=\"fusion-link-wrapper\" href=\"https:\/\/www.haegergroup.com\/es\/croquetas-de-quinoa-y-garbanzos\/\" aria-label=\"CROQUETAS DE QUINOA Y GARBANZOS\"><\/a>\n\t<\/div>\n<\/div>\n<\/div>\n<\/li>\n\t\t\t\n\t\t\t\n\t\t\t\t\t\t\t\t\t\t\t\t\t\t\t\t\t\t\t\t\t\t\t\t\t\t\t\t\t\t\t\t\t\t\t\t\t\t\t\t\t\t\t\t\t\t\t\t\t\t\t\t\t\t\t\t\t\t\t\t\t\t\t\t\t\t\t\t<\/ul>\n\t<\/div>\n\t<div class=\"fusion-post-content-wrapper\" style=\"padding:30px 25px 25px 25px;\"><div class=\"fusion-post-content post-content\"><h2 class=\"blog-shortcode-post-title entry-title\"><a href=\"https:\/\/www.haegergroup.com\/es\/croquetas-de-quinoa-y-garbanzos\/\">CROQUETAS DE QUINOA Y GARBANZOS<\/a><\/h2><p class=\"fusion-single-line-meta\"><span class=\"vcard\" style=\"display: none;\"><span class=\"fn\"><a href=\"https:\/\/www.haegergroup.com\/es\/author\/falmeid\/\" title=\"Entradas de FAlmeid@\" rel=\"author\">FAlmeid@<\/a><\/span><\/span><span class=\"updated\" style=\"display:none;\">2018-09-11T18:33:29+01:00<\/span><span>mayo 7th, 2018<\/span><span class=\"fusion-inline-sep\">|<\/span><a href=\"https:\/\/www.haegergroup.com\/es\/category\/blog-haeger\/\" rel=\"category tag\">Blog H\u00c6GER<\/a>, <a href=\"https:\/\/www.haegergroup.com\/es\/category\/blog-haeger\/recetas\/\" rel=\"category tag\">Recetas<\/a><span class=\"fusion-inline-sep\">|<\/span><\/p><div class=\"fusion-content-sep sep-double sep-solid\" style=\"border-color:#ebeaea;\"><\/div><div class=\"fusion-post-content-container\"><p>A continuaci\u00f3n te detallamos c\u00f3mo elaborar nuestra receta H\u00c6GER creada especialmente para ti, que podr\u00e1s cocinar gracias a nuestros productos de cocina pensados para que  [...]<\/p><\/div><\/div><div class=\"fusion-meta-info\"><div class=\"fusion-alignleft\"><a class=\"fusion-read-more\" href=\"https:\/\/www.haegergroup.com\/es\/croquetas-de-quinoa-y-garbanzos\/\" aria-label=\"More on CROQUETAS DE QUINOA Y GARBANZOS\">Read More<\/a><\/div><\/div><\/div><div class=\"fusion-clearfix\"><\/div><\/div>\n<\/article>\n<div class=\"fusion-clearfix\"><\/div><\/div><\/div><\/div><style type=\"text\/css\">.fusion-body .fusion-builder-column-0{width:100% !important;margin-top : 0px;margin-bottom : 0px;}.fusion-builder-column-0 > .fusion-column-wrapper {padding-top : 0px !important;padding-right : 0px !important;margin-right : 0px;padding-bottom : 0px !important;padding-left : 0px !important;margin-left : 0px;}@media only screen and (max-width:1024px) {.fusion-body .fusion-builder-column-0{width:100% !important;}.fusion-builder-column-0 > .fusion-column-wrapper {margin-right : 0px;margin-left : 0px;}}@media only screen and (max-width:640px) {.fusion-body .fusion-builder-column-0{width:100% !important;}.fusion-builder-column-0 > .fusion-column-wrapper {margin-right : 0px;margin-left : 0px;}}<\/style><\/div><\/div><style type=\"text\/css\">.fusion-fullwidth.fusion-builder-row-1 { overflow:visible; }.fusion-body .fusion-flex-container.fusion-builder-row-1{ padding-top : 0px;margin-top : 0px;padding-right : 0px;padding-bottom : 0px;margin-bottom : 0px;padding-left : 0px;}<\/style><\/div>\n","protected":false},"excerpt":{"rendered":"","protected":false},"author":21,"featured_media":0,"parent":0,"menu_order":0,"comment_status":"open","ping_status":"closed","template":"","meta":{"footnotes":""},"class_list":["post-17624","page","type-page","status-publish","hentry"],"yoast_head":"<!-- This site is optimized with the Yoast SEO plugin v24.1 - https:\/\/yoast.com\/wordpress\/plugins\/seo\/ -->\n<title>Recetas - H\u00c6GER Eletrodom\u00e9sticos<\/title>\n<meta name=\"description\" content=\"Marca de Pequenos Eletrodom\u00e9sticos para a sua cozinha, cuidados pessoais, casa e climatiza\u00e7\u00e3o. A op\u00e7\u00e3o inteligente para a sua casa.\" \/>\n<meta name=\"robots\" content=\"index, follow, max-snippet:-1, max-image-preview:large, max-video-preview:-1\" \/>\n<link rel=\"canonical\" href=\"https:\/\/www.haegergroup.com\/es\/recetas\/\" \/>\n<meta property=\"og:locale\" content=\"es_ES\" \/>\n<meta property=\"og:type\" content=\"article\" \/>\n<meta property=\"og:title\" content=\"Recetas - H\u00c6GER Eletrodom\u00e9sticos\" \/>\n<meta property=\"og:description\" content=\"Marca de Pequenos Eletrodom\u00e9sticos para a sua cozinha, cuidados pessoais, casa e climatiza\u00e7\u00e3o. A op\u00e7\u00e3o inteligente para a sua casa.\" \/>\n<meta property=\"og:url\" content=\"https:\/\/www.haegergroup.com\/es\/recetas\/\" \/>\n<meta property=\"og:site_name\" content=\"H\u00c6GER Eletrodom\u00e9sticos\" \/>\n<meta property=\"article:modified_time\" content=\"2018-09-13T18:21:13+00:00\" \/>\n<meta property=\"og:image\" content=\"https:\/\/www.haegergroup.com\/wp-content\/uploads\/2018\/05\/logo-web-300.png\" \/>\n\t<meta property=\"og:image:width\" content=\"300\" \/>\n\t<meta property=\"og:image:height\" content=\"66\" \/>\n\t<meta property=\"og:image:type\" content=\"image\/png\" \/>\n<meta name=\"twitter:card\" content=\"summary_large_image\" \/>\n<meta name=\"twitter:label1\" content=\"Tiempo de lectura\" \/>\n\t<meta name=\"twitter:data1\" content=\"1 minuto\" \/>\n<script type=\"application\/ld+json\" class=\"yoast-schema-graph\">{\"@context\":\"https:\/\/schema.org\",\"@graph\":[{\"@type\":\"WebPage\",\"@id\":\"https:\/\/www.haegergroup.com\/es\/recetas\/\",\"url\":\"https:\/\/www.haegergroup.com\/es\/recetas\/\",\"name\":\"Recetas - H\u00c6GER Eletrodom\u00e9sticos\",\"isPartOf\":{\"@id\":\"https:\/\/www.haegergroup.com\/es\/#website\"},\"datePublished\":\"2018-09-06T16:18:56+00:00\",\"dateModified\":\"2018-09-13T18:21:13+00:00\",\"description\":\"Marca de Pequenos Eletrodom\u00e9sticos para a sua cozinha, cuidados pessoais, casa e climatiza\u00e7\u00e3o. A op\u00e7\u00e3o inteligente para a sua casa.\",\"breadcrumb\":{\"@id\":\"https:\/\/www.haegergroup.com\/es\/recetas\/#breadcrumb\"},\"inLanguage\":\"es\",\"potentialAction\":[{\"@type\":\"ReadAction\",\"target\":[\"https:\/\/www.haegergroup.com\/es\/recetas\/\"]}]},{\"@type\":\"BreadcrumbList\",\"@id\":\"https:\/\/www.haegergroup.com\/es\/recetas\/#breadcrumb\",\"itemListElement\":[{\"@type\":\"ListItem\",\"position\":1,\"name\":\"Portada\",\"item\":\"https:\/\/www.haegergroup.com\/es\/\"},{\"@type\":\"ListItem\",\"position\":2,\"name\":\"Recetas\"}]},{\"@type\":\"WebSite\",\"@id\":\"https:\/\/www.haegergroup.com\/es\/#website\",\"url\":\"https:\/\/www.haegergroup.com\/es\/\",\"name\":\"H\u00c6GER Eletrodom\u00e9sticos\",\"description\":\"A escolha inteligente\",\"publisher\":{\"@id\":\"https:\/\/www.haegergroup.com\/es\/#organization\"},\"potentialAction\":[{\"@type\":\"SearchAction\",\"target\":{\"@type\":\"EntryPoint\",\"urlTemplate\":\"https:\/\/www.haegergroup.com\/es\/?s={search_term_string}\"},\"query-input\":{\"@type\":\"PropertyValueSpecification\",\"valueRequired\":true,\"valueName\":\"search_term_string\"}}],\"inLanguage\":\"es\"},{\"@type\":\"Organization\",\"@id\":\"https:\/\/www.haegergroup.com\/es\/#organization\",\"name\":\"Haeger Electrodom\u00e9sticos\",\"url\":\"https:\/\/www.haegergroup.com\/es\/\",\"logo\":{\"@type\":\"ImageObject\",\"inLanguage\":\"es\",\"@id\":\"https:\/\/www.haegergroup.com\/es\/#\/schema\/logo\/image\/\",\"url\":\"https:\/\/www.haegergroup.com\/wp-content\/uploads\/2018\/05\/logo-web-220.png\",\"contentUrl\":\"https:\/\/www.haegergroup.com\/wp-content\/uploads\/2018\/05\/logo-web-220.png\",\"width\":220,\"height\":49,\"caption\":\"Haeger Electrodom\u00e9sticos\"},\"image\":{\"@id\":\"https:\/\/www.haegergroup.com\/es\/#\/schema\/logo\/image\/\"}}]}<\/script>\n<!-- \/ Yoast SEO plugin. -->","yoast_head_json":{"title":"Recetas - H\u00c6GER Eletrodom\u00e9sticos","description":"Marca de Pequenos Eletrodom\u00e9sticos para a sua cozinha, cuidados pessoais, casa e climatiza\u00e7\u00e3o. A op\u00e7\u00e3o inteligente para a sua casa.","robots":{"index":"index","follow":"follow","max-snippet":"max-snippet:-1","max-image-preview":"max-image-preview:large","max-video-preview":"max-video-preview:-1"},"canonical":"https:\/\/www.haegergroup.com\/es\/recetas\/","og_locale":"es_ES","og_type":"article","og_title":"Recetas - H\u00c6GER Eletrodom\u00e9sticos","og_description":"Marca de Pequenos Eletrodom\u00e9sticos para a sua cozinha, cuidados pessoais, casa e climatiza\u00e7\u00e3o. A op\u00e7\u00e3o inteligente para a sua casa.","og_url":"https:\/\/www.haegergroup.com\/es\/recetas\/","og_site_name":"H\u00c6GER Eletrodom\u00e9sticos","article_modified_time":"2018-09-13T18:21:13+00:00","og_image":[{"width":300,"height":66,"url":"https:\/\/www.haegergroup.com\/wp-content\/uploads\/2018\/05\/logo-web-300.png","type":"image\/png"}],"twitter_card":"summary_large_image","twitter_misc":{"Tiempo de lectura":"1 minuto"},"schema":{"@context":"https:\/\/schema.org","@graph":[{"@type":"WebPage","@id":"https:\/\/www.haegergroup.com\/es\/recetas\/","url":"https:\/\/www.haegergroup.com\/es\/recetas\/","name":"Recetas - H\u00c6GER Eletrodom\u00e9sticos","isPartOf":{"@id":"https:\/\/www.haegergroup.com\/es\/#website"},"datePublished":"2018-09-06T16:18:56+00:00","dateModified":"2018-09-13T18:21:13+00:00","description":"Marca de Pequenos Eletrodom\u00e9sticos para a sua cozinha, cuidados pessoais, casa e climatiza\u00e7\u00e3o. A op\u00e7\u00e3o inteligente para a sua casa.","breadcrumb":{"@id":"https:\/\/www.haegergroup.com\/es\/recetas\/#breadcrumb"},"inLanguage":"es","potentialAction":[{"@type":"ReadAction","target":["https:\/\/www.haegergroup.com\/es\/recetas\/"]}]},{"@type":"BreadcrumbList","@id":"https:\/\/www.haegergroup.com\/es\/recetas\/#breadcrumb","itemListElement":[{"@type":"ListItem","position":1,"name":"Portada","item":"https:\/\/www.haegergroup.com\/es\/"},{"@type":"ListItem","position":2,"name":"Recetas"}]},{"@type":"WebSite","@id":"https:\/\/www.haegergroup.com\/es\/#website","url":"https:\/\/www.haegergroup.com\/es\/","name":"H\u00c6GER Eletrodom\u00e9sticos","description":"A escolha inteligente","publisher":{"@id":"https:\/\/www.haegergroup.com\/es\/#organization"},"potentialAction":[{"@type":"SearchAction","target":{"@type":"EntryPoint","urlTemplate":"https:\/\/www.haegergroup.com\/es\/?s={search_term_string}"},"query-input":{"@type":"PropertyValueSpecification","valueRequired":true,"valueName":"search_term_string"}}],"inLanguage":"es"},{"@type":"Organization","@id":"https:\/\/www.haegergroup.com\/es\/#organization","name":"Haeger Electrodom\u00e9sticos","url":"https:\/\/www.haegergroup.com\/es\/","logo":{"@type":"ImageObject","inLanguage":"es","@id":"https:\/\/www.haegergroup.com\/es\/#\/schema\/logo\/image\/","url":"https:\/\/www.haegergroup.com\/wp-content\/uploads\/2018\/05\/logo-web-220.png","contentUrl":"https:\/\/www.haegergroup.com\/wp-content\/uploads\/2018\/05\/logo-web-220.png","width":220,"height":49,"caption":"Haeger Electrodom\u00e9sticos"},"image":{"@id":"https:\/\/www.haegergroup.com\/es\/#\/schema\/logo\/image\/"}}]}},"_links":{"self":[{"href":"https:\/\/www.haegergroup.com\/es\/wp-json\/wp\/v2\/pages\/17624","targetHints":{"allow":["GET"]}}],"collection":[{"href":"https:\/\/www.haegergroup.com\/es\/wp-json\/wp\/v2\/pages"}],"about":[{"href":"https:\/\/www.haegergroup.com\/es\/wp-json\/wp\/v2\/types\/page"}],"author":[{"embeddable":true,"href":"https:\/\/www.haegergroup.com\/es\/wp-json\/wp\/v2\/users\/21"}],"replies":[{"embeddable":true,"href":"https:\/\/www.haegergroup.com\/es\/wp-json\/wp\/v2\/comments?post=17624"}],"version-history":[{"count":0,"href":"https:\/\/www.haegergroup.com\/es\/wp-json\/wp\/v2\/pages\/17624\/revisions"}],"wp:attachment":[{"href":"https:\/\/www.haegergroup.com\/es\/wp-json\/wp\/v2\/media?parent=17624"}],"curies":[{"name":"wp","href":"https:\/\/api.w.org\/{rel}","templated":true}]}}